{"id":8,"date":"2012-08-14T03:18:20","date_gmt":"2012-08-14T03:18:20","guid":{"rendered":"http:\/\/Osistemadedefesasanit\u00e1riavegetal,tem-seconvertidonumdospilaresfundamentaisnaprote\u00e7\u00e3oenodesenvolvimentodosecossistemasagr\u00edcolasdosEstadosprodutores.Centradoembasescient\u00edficaselegais,buscaestabelecerasdiretrizesquenorteiam"},"modified":"2024-09-27T14:33:41","modified_gmt":"2024-09-27T14:33:41","slug":"principal","status":"publish","type":"page","link":"https:\/\/www.cidasc.sc.gov.br\/defesasanitariavegetal\/","title":{"rendered":"Defesa Sanit\u00e1ria Vegetal"},"content":{"rendered":"\n<p><\/p>\n\n\n\n<hr class=\"wp-block-separator has-css-opacity\" \/>\n\n\n\n<h1 class=\"wp-block-heading\">Departamento Estadual de Defesa Vegetal &#8211; DEDEV<\/h1>\n\n\n\n<p class=\"has-text-align-left\">O sistema de Defesa sanit\u00e1ria vegetal constitui-se num trabalho estrat\u00e9gico e sistem\u00e1tico de monitoramento, vigil\u00e2ncia, inspe\u00e7\u00e3o e fiscaliza\u00e7\u00e3o da produ\u00e7\u00e3o e do com\u00e9rcio de plantas, partes de vegetais ou produtos de origem vegetal veiculadores de pragas, que possam colocar em risco o patrim\u00f4nio agr\u00edcola e a condi\u00e7\u00e3o s\u00f3cio-econ\u00f4mica do Estado de Santa Catarina.<\/p>\n\n\n\n<hr class=\"wp-block-separator has-css-opacity\" \/>\n\n\n\n<div style=\"height:66px\" aria-hidden=\"true\" class=\"wp-block-spacer\"><\/div>\n\n\n\n<h1 class=\"wp-block-heading\">Divis\u00e3o de Defesa Sanit\u00e1ria Vegetal &#8211; DIDEV<\/h1>\n\n\n\n<div style=\"height:104px\" aria-hidden=\"true\" class=\"wp-block-spacer\"><\/div>\n\n\n\n<h2 class=\"wp-block-heading has-text-align-center\">Programas Estaduais de Defesa Sanit\u00e1ria Vegetal<\/h2>\n\n\n\n<div class=\"wp-block-group\"><div class=\"wp-block-group__inner-container is-layout-constrained wp-block-group-is-layout-constrained\">\n<div class=\"wp-block-columns are-vertically-aligned-center is-layout-flex wp-container-core-columns-is-layout-9d6595d7 wp-block-columns-is-layout-flex\">\n<div class=\"wp-block-column is-layout-flow wp-block-column-is-layout-flow\"><div class=\"wp-block-image is-style-rounded\">\n<figure class=\"aligncenter size-full\"><a href=\"https:\/\/www.cidasc.sc.gov.br\/defesasanitariavegetal\/maca\/\"><img loading=\"lazy\" decoding=\"async\" width=\"567\" height=\"567\" src=\"https:\/\/www.cidasc.sc.gov.br\/defesasanitariavegetal\/files\/2024\/01\/Slide3.jpg\" alt=\"\" class=\"wp-image-2237\" \/><\/a><\/figure><\/div><\/div>\n\n\n\n<div class=\"wp-block-column is-layout-flow wp-block-column-is-layout-flow\">\n<figure class=\"wp-block-image size-full is-style-rounded\"><a href=\"https:\/\/www.cidasc.sc.gov.br\/defesasanitariavegetal\/culturas\"><img loading=\"lazy\" decoding=\"async\" width=\"567\" height=\"567\" src=\"https:\/\/www.cidasc.sc.gov.br\/defesasanitariavegetal\/files\/2024\/01\/Culturas.jpg\" alt=\"\" class=\"wp-image-2246\" \/><\/a><\/figure>\n<\/div>\n\n\n\n<div class=\"wp-block-column is-layout-flow wp-block-column-is-layout-flow\"><div class=\"wp-block-image is-style-rounded\">\n<figure class=\"aligncenter size-full\"><a href=\"https:\/\/www.cidasc.sc.gov.br\/defesasanitariavegetal\/banana\/\"><img loading=\"lazy\" decoding=\"async\" width=\"567\" height=\"567\" src=\"https:\/\/www.cidasc.sc.gov.br\/defesasanitariavegetal\/files\/2024\/01\/Slide9.jpg\" alt=\"\" class=\"wp-image-2239\" \/><\/a><\/figure><\/div><\/div>\n<\/div>\n<\/div><\/div>\n\n\n\n<div class=\"wp-block-columns is-layout-flex wp-container-core-columns-is-layout-9d6595d7 wp-block-columns-is-layout-flex\">\n<div class=\"wp-block-column is-layout-flow wp-block-column-is-layout-flow\">\n<figure class=\"wp-block-image size-full is-style-rounded\"><a href=\"https:\/\/www.cidasc.sc.gov.br\/defesasanitariavegetal\/maracuja\/\"><img loading=\"lazy\" decoding=\"async\" width=\"567\" height=\"567\" src=\"https:\/\/www.cidasc.sc.gov.br\/defesasanitariavegetal\/files\/2024\/01\/Slide2.jpg\" alt=\"\" class=\"wp-image-2240\" \/><\/a><\/figure>\n<\/div>\n\n\n\n<div class=\"wp-block-column is-layout-flow wp-block-column-is-layout-flow\">\n<figure class=\"wp-block-image size-full is-style-rounded\"><a href=\"https:\/\/www.cidasc.sc.gov.br\/defesasanitariavegetal\/citros\/\"><img loading=\"lazy\" decoding=\"async\" width=\"567\" height=\"567\" src=\"https:\/\/www.cidasc.sc.gov.br\/defesasanitariavegetal\/files\/2024\/01\/Slide5.jpg\" alt=\"\" class=\"wp-image-2241\" \/><\/a><\/figure>\n<\/div>\n\n\n\n<div class=\"wp-block-column is-layout-flow wp-block-column-is-layout-flow\">\n<figure class=\"wp-block-image size-full is-style-rounded\"><a href=\"https:\/\/www.cidasc.sc.gov.br\/defesasanitariavegetal\/florestal\/\"><img loading=\"lazy\" decoding=\"async\" width=\"567\" height=\"567\" src=\"https:\/\/www.cidasc.sc.gov.br\/defesasanitariavegetal\/files\/2024\/01\/Programas.jpg\" alt=\"\" class=\"wp-image-2242\" \/><\/a><\/figure>\n<\/div>\n<\/div>\n\n\n\n<p><\/p>\n\n\n\n<p><\/p>\n\n\n\n<p><\/p>\n\n\n\n<p><a rel=\"noreferrer noopener\" href=\"https:\/\/www.cidasc.sc.gov.br\/wp-content\/uploads\/2024\/09\/Comunicado-DEDEV-no-01-2024.pdf\" target=\"_blank\">Comunicado DEDEV n\u00ba 01\/2024<\/a>: \u00a0Instru\u00e7\u00f5es aos Respons\u00e1veis T\u00e9cnicos para safra de ma\u00e7\u00e3 2024\/2025. (<strong><mark class=\"has-inline-color has-vivid-red-color\">NOVO<\/mark><\/strong>)<\/p>\n\n\n\n<p><a href=\"http:\/\/www.cidasc.sc.gov.br\/defesasanitariavegetal\/files\/2022\/02\/Comunicado_DEDEV_03-2022.pdf\" target=\"_blank\" rel=\"noreferrer noopener\">Comunicado n\u00ba 03\/DEDEV\/DIDAG\/CIDASC\/2022<\/a>: &nbsp;Cancelamento da renova\u00e7\u00e3o autom\u00e1tica das inscri\u00e7\u00f5es de UPs de banana. (<strong><span class=\"has-inline-color has-vivid-red-color\">NOVO<\/span><\/strong>)<\/p>\n\n\n\n<p><a rel=\"noreferrer noopener\" href=\"http:\/\/www.cidasc.sc.gov.br\/defesasanitariavegetal\/files\/2022\/02\/Comunicado_DEDEV_02-2022.pdf\" target=\"_blank\">Comunicado n\u00ba 02\/DEDEV\/DIDAG\/CIDASC\/2022<\/a>: Cancelamento de inscri\u00e7\u00f5es de unidades de produ\u00e7\u00e3o (UP) e unidade de consolida\u00e7\u00e3o (UC) inativas. (<strong><span class=\"has-inline-color has-vivid-red-color\">NOVO<\/span><\/strong>)<\/p>\n\n\n\n<p><a href=\"http:\/\/www.cidasc.sc.gov.br\/defesasanitariavegetal\/files\/2021\/12\/DEDEV-002_2020-CEASA.pdf\">Nota T\u00e9cnica DEDEV n\u00ba 002\/2021<\/a>: Orienta\u00e7\u00f5es aos usu\u00e1rios das Centrais de Abastecimento do Estado de Santa Catarina (CEASA\/SC) sobre as obriga\u00e7\u00f5es do administrado em rela\u00e7\u00e3o \u00e0 Lei Estadual de Defesa Sanit\u00e1ria Vegetal n\u00ba 17.825\/2019, regulamentada pelo Decreto Estadual n\u00ba 727\/2020. (<span style=\"color: #ff0000\"><strong>NOVO<\/strong><\/span>)<\/p>\n\n\n\n<p><a href=\"http:\/\/www.cidasc.sc.gov.br\/defesasanitariavegetal\/files\/2020\/06\/manual-biosseguridade-14.pdf\">Manual de biosseguridade para produtores rurais em tempos de COVID-19 (novo Coronav\u00edrus)<\/a><\/p>\n\n\n\n<p><a href=\"http:\/\/www.cidasc.sc.gov.br\/defesasanitariavegetal\/files\/2019\/03\/FICHA-EPIDEMIOLOGICA-ESTRIA-BACTERIANA-DO-MILHO.pdf\">Informa\u00e7\u00f5es sobre a Estria bacteriana do milho<\/a><\/p>\n\n\n\n<p><a href=\"http:\/\/www.cidasc.sc.gov.br\/defesasanitariavegetal\/files\/2019\/12\/Nota-t\u00e9cnica-Cydia-pomonella.pdf\">Nota t\u00e9cnica 001\/DEDEV-DIDEV\/2019<\/a>: Monitoramento de <em>Cydia pomonella<\/em> em Santa Catarina.<\/p>\n\n\n\n<hr class=\"wp-block-separator has-css-opacity\" \/>\n\n\n\n<p class=\"has-text-align-center\"><span style=\"color: #008000\">&nbsp;<strong>Clique na figura abaixo e se informe sobre a E-PTV<\/strong><\/span><\/p>\n\n\n<div class=\"wp-block-image\">\n<figure class=\"aligncenter\"><a href=\"http:\/\/www.cidasc.sc.gov.br\/defesasanitariavegetal\/e-ptv\/\"><img loading=\"lazy\" decoding=\"async\" width=\"2373\" height=\"1480\" src=\"http:\/\/www.cidasc.sc.gov.br\/defesasanitariavegetal\/files\/2012\/08\/passo-a-passo.jpg\" alt=\"\" class=\"wp-image-579\" title=\"passo a passo\" srcset=\"https:\/\/www.cidasc.sc.gov.br\/defesasanitariavegetal\/files\/2012\/08\/passo-a-passo.jpg 2373w, https:\/\/www.cidasc.sc.gov.br\/defesasanitariavegetal\/files\/2012\/08\/passo-a-passo-300x187.jpg 300w, https:\/\/www.cidasc.sc.gov.br\/defesasanitariavegetal\/files\/2012\/08\/passo-a-passo-1024x638.jpg 1024w, https:\/\/www.cidasc.sc.gov.br\/defesasanitariavegetal\/files\/2012\/08\/passo-a-passo-222x138.jpg 222w, https:\/\/www.cidasc.sc.gov.br\/defesasanitariavegetal\/files\/2012\/08\/passo-a-passo-100x62.jpg 100w\" sizes=\"auto, (max-width: 2373px) 100vw, 2373px\" \/><\/a><\/figure><\/div>\n\n\n<p>Em caso de d\u00favidas, entre em contato pelo e-mail <a href=\"mailto:didev@cidasc.sc.gov.br\">didev@cidasc.sc.gov.br<\/a>.<\/p>\n\n\n\n<hr class=\"wp-block-separator has-css-opacity\" \/>\n\n\n\n<hr class=\"wp-block-separator has-css-opacity\" \/>\n\n\n\n<p><\/p>\n\n\n\n<h3 class=\"wp-block-heading\">Precisa se habilitar para a certifica\u00e7\u00e3o fitossanit\u00e1ria?<\/h3>\n\n\n\n<p>Preencha <a href=\"https:\/\/docs.google.com\/forms\/d\/e\/1FAIpQLSfdVklmVwTKFKolWYIbYTVJI2I150ys_8WAgWRbjbvbVgpC3Q\/viewform?usp=sf_link\" target=\"_blank\" rel=\"noopener noreferrer\">este formul\u00e1rio<\/a> que lhe avisaremos quando houver curso programado.<\/p>\n\n\n\n<hr class=\"wp-block-separator has-css-opacity\" \/>\n\n\n\n<p><strong>Atividades realizadas&nbsp;<\/strong><\/p>\n\n\n\n<ul class=\"wp-block-list\">\n<li>Vigil\u00e2ncia;<\/li>\n\n\n\n<li>Inspe\u00e7\u00e3o;<\/li>\n\n\n\n<li>Monitoramento;<\/li>\n\n\n\n<li>Fiscaliza\u00e7\u00e3o;<\/li>\n\n\n\n<li>Diagn\u00f3stico;<\/li>\n\n\n\n<li>Certifica\u00e7\u00e3o;<\/li>\n\n\n\n<li>Educa\u00e7\u00e3o sanit\u00e1ria.<\/li>\n<\/ul>\n\n\n\n<p><strong>Objetivos<\/strong><\/p>\n\n\n\n<ul class=\"wp-block-list\">\n<li>Garantir a sanidade das popula\u00e7\u00f5es vegetais;<\/li>\n\n\n\n<li>Garantir a idoneidade dos insumos;<\/li>\n\n\n\n<li>Garantir a identidade e a seguran\u00e7a higi\u00eanico-sanit\u00e1ria dos produtos agropecu\u00e1rios.<\/li>\n<\/ul>\n\n\n\n<div><strong>Consultas<\/strong><\/div>\n\n\n\n<div>&nbsp;<\/div>\n\n\n\n<div>\n<ul>\n<li><a href=\"http:\/\/sigen.cidasc.sc.gov.br\/DSV.Relatorios\/RelatorioCredenciadoCFOCFOC\/\" target=\"_blank\" rel=\"noopener noreferrer\">Lista de credenciados para a emiss\u00e3o de CFO\/CFOC em Santa Catarina;<\/a><\/li>\n<li><a href=\"http:\/\/sistemasweb.agricultura.gov.br\/cefiti\/\">CEFiTI &#8211; Cat\u00e1logo de Exig\u00eancias Fitossanit\u00e1rias para o Tr\u00e2nsito Interestadual de Vegetais e seus Produtos:<\/a> consolida toda a legisla\u00e7\u00e3o que estabelece os requisitos fitossanit\u00e1rios exigidos para que produtos potenciais hospedeiros de pragas possam transitar de um Estado para outro.<\/li>\n<\/ul>\n<\/div>\n\n\n\n<div>&nbsp;<\/div>\n\n\n\n<figure class=\"wp-block-gallery has-nested-images columns-4 is-cropped wp-block-gallery-1 is-layout-flex wp-block-gallery-is-layout-flex\">\n<figure class=\"wp-block-image size-large\"><a href=\"https:\/\/www.cidasc.sc.gov.br\/defesasanitariavegetal\/files\/2012\/08\/BIG-26.04.07-028-18.jpg\"><img loading=\"lazy\" decoding=\"async\" width=\"1024\" height=\"768\" data-id=\"52\" src=\"https:\/\/www.cidasc.sc.gov.br\/defesasanitariavegetal\/files\/2012\/08\/BIG-26.04.07-028-18-1024x768.jpg\" alt=\"\" class=\"wp-image-52\" srcset=\"https:\/\/www.cidasc.sc.gov.br\/defesasanitariavegetal\/files\/2012\/08\/BIG-26.04.07-028-18-1024x768.jpg 1024w, https:\/\/www.cidasc.sc.gov.br\/defesasanitariavegetal\/files\/2012\/08\/BIG-26.04.07-028-18-300x225.jpg 300w, https:\/\/www.cidasc.sc.gov.br\/defesasanitariavegetal\/files\/2012\/08\/BIG-26.04.07-028-18-222x166.jpg 222w, https:\/\/www.cidasc.sc.gov.br\/defesasanitariavegetal\/files\/2012\/08\/BIG-26.04.07-028-18-100x75.jpg 100w, https:\/\/www.cidasc.sc.gov.br\/defesasanitariavegetal\/files\/2012\/08\/BIG-26.04.07-028-18.jpg 1280w\" sizes=\"auto, (max-width: 1024px) 100vw, 1024px\" \/><\/a><\/figure>\n\n\n\n<figure class=\"wp-block-image size-large\"><a href=\"https:\/\/www.cidasc.sc.gov.br\/defesasanitariavegetal\/files\/2012\/08\/Frutas2.jpg\"><img loading=\"lazy\" decoding=\"async\" width=\"734\" height=\"486\" data-id=\"53\" src=\"https:\/\/www.cidasc.sc.gov.br\/defesasanitariavegetal\/files\/2012\/08\/Frutas2.jpg\" alt=\"\" class=\"wp-image-53\" srcset=\"https:\/\/www.cidasc.sc.gov.br\/defesasanitariavegetal\/files\/2012\/08\/Frutas2.jpg 734w, https:\/\/www.cidasc.sc.gov.br\/defesasanitariavegetal\/files\/2012\/08\/Frutas2-300x198.jpg 300w, https:\/\/www.cidasc.sc.gov.br\/defesasanitariavegetal\/files\/2012\/08\/Frutas2-222x146.jpg 222w, https:\/\/www.cidasc.sc.gov.br\/defesasanitariavegetal\/files\/2012\/08\/Frutas2-100x66.jpg 100w\" sizes=\"auto, (max-width: 734px) 100vw, 734px\" \/><\/a><\/figure>\n\n\n\n<figure class=\"wp-block-image size-large\"><a href=\"https:\/\/www.cidasc.sc.gov.br\/defesasanitariavegetal\/files\/2012\/08\/alerta-fitossanitario.jpg\"><img loading=\"lazy\" decoding=\"async\" width=\"1024\" height=\"400\" data-id=\"548\" src=\"https:\/\/www.cidasc.sc.gov.br\/defesasanitariavegetal\/files\/2012\/08\/alerta-fitossanitario-1024x400.jpg\" alt=\"\" class=\"wp-image-548\" srcset=\"https:\/\/www.cidasc.sc.gov.br\/defesasanitariavegetal\/files\/2012\/08\/alerta-fitossanitario-1024x400.jpg 1024w, https:\/\/www.cidasc.sc.gov.br\/defesasanitariavegetal\/files\/2012\/08\/alerta-fitossanitario-300x117.jpg 300w, https:\/\/www.cidasc.sc.gov.br\/defesasanitariavegetal\/files\/2012\/08\/alerta-fitossanitario-222x86.jpg 222w, https:\/\/www.cidasc.sc.gov.br\/defesasanitariavegetal\/files\/2012\/08\/alerta-fitossanitario-100x39.jpg 100w\" sizes=\"auto, (max-width: 1024px) 100vw, 1024px\" \/><\/a><\/figure>\n\n\n\n<figure class=\"wp-block-image size-large\"><a href=\"https:\/\/www.cidasc.sc.gov.br\/defesasanitariavegetal\/files\/2012\/08\/passo-a-passo.jpg\"><img loading=\"lazy\" decoding=\"async\" width=\"1024\" height=\"638\" data-id=\"579\" src=\"https:\/\/www.cidasc.sc.gov.br\/defesasanitariavegetal\/files\/2012\/08\/passo-a-passo-1024x638.jpg\" alt=\"\" class=\"wp-image-579\" srcset=\"https:\/\/www.cidasc.sc.gov.br\/defesasanitariavegetal\/files\/2012\/08\/passo-a-passo-1024x638.jpg 1024w, https:\/\/www.cidasc.sc.gov.br\/defesasanitariavegetal\/files\/2012\/08\/passo-a-passo-300x187.jpg 300w, https:\/\/www.cidasc.sc.gov.br\/defesasanitariavegetal\/files\/2012\/08\/passo-a-passo-222x138.jpg 222w, https:\/\/www.cidasc.sc.gov.br\/defesasanitariavegetal\/files\/2012\/08\/passo-a-passo-100x62.jpg 100w\" sizes=\"auto, (max-width: 1024px) 100vw, 1024px\" \/><\/a><\/figure>\n\n\n\n<figure class=\"wp-block-image size-large\"><a href=\"https:\/\/www.cidasc.sc.gov.br\/defesasanitariavegetal\/files\/2012\/08\/Banana-Imagens-Alan-6.jpg\"><img loading=\"lazy\" decoding=\"async\" width=\"1024\" height=\"768\" data-id=\"49\" src=\"https:\/\/www.cidasc.sc.gov.br\/defesasanitariavegetal\/files\/2012\/08\/Banana-Imagens-Alan-6-1024x768.jpg\" alt=\"\" class=\"wp-image-49\" srcset=\"https:\/\/www.cidasc.sc.gov.br\/defesasanitariavegetal\/files\/2012\/08\/Banana-Imagens-Alan-6-1024x768.jpg 1024w, https:\/\/www.cidasc.sc.gov.br\/defesasanitariavegetal\/files\/2012\/08\/Banana-Imagens-Alan-6-300x225.jpg 300w, https:\/\/www.cidasc.sc.gov.br\/defesasanitariavegetal\/files\/2012\/08\/Banana-Imagens-Alan-6-222x166.jpg 222w, https:\/\/www.cidasc.sc.gov.br\/defesasanitariavegetal\/files\/2012\/08\/Banana-Imagens-Alan-6-100x75.jpg 100w\" sizes=\"auto, (max-width: 1024px) 100vw, 1024px\" \/><\/a><\/figure>\n\n\n\n<figure class=\"wp-block-image size-large\"><a href=\"https:\/\/www.cidasc.sc.gov.br\/defesasanitariavegetal\/files\/2012\/08\/Vinhedo-inspecionadoADRtubarao-102010.jpg\"><img loading=\"lazy\" decoding=\"async\" width=\"1024\" height=\"768\" data-id=\"51\" src=\"https:\/\/www.cidasc.sc.gov.br\/defesasanitariavegetal\/files\/2012\/08\/Vinhedo-inspecionadoADRtubarao-102010-1024x768.jpg\" alt=\"\" class=\"wp-image-51\" srcset=\"https:\/\/www.cidasc.sc.gov.br\/defesasanitariavegetal\/files\/2012\/08\/Vinhedo-inspecionadoADRtubarao-102010-1024x768.jpg 1024w, https:\/\/www.cidasc.sc.gov.br\/defesasanitariavegetal\/files\/2012\/08\/Vinhedo-inspecionadoADRtubarao-102010-300x225.jpg 300w, https:\/\/www.cidasc.sc.gov.br\/defesasanitariavegetal\/files\/2012\/08\/Vinhedo-inspecionadoADRtubarao-102010-222x166.jpg 222w, https:\/\/www.cidasc.sc.gov.br\/defesasanitariavegetal\/files\/2012\/08\/Vinhedo-inspecionadoADRtubarao-102010-100x75.jpg 100w\" sizes=\"auto, (max-width: 1024px) 100vw, 1024px\" \/><\/a><\/figure>\n<\/figure>\n\n\n\n<hr class=\"wp-block-separator has-css-opacity\" \/>\n\n\n\n<figure class=\"wp-block-image\"><a href=\"http:\/\/www.ciram.sc.gov.br\/agroconnect\/\" target=\"_blank\" rel=\"noopener noreferrer\"><img loading=\"lazy\" decoding=\"async\" width=\"192\" height=\"80\" src=\"http:\/\/www.cidasc.sc.gov.br\/defesasanitariavegetal\/files\/2012\/08\/logo-agroconect-fundo.png\" alt=\"\" class=\"wp-image-726\" srcset=\"https:\/\/www.cidasc.sc.gov.br\/defesasanitariavegetal\/files\/2012\/08\/logo-agroconect-fundo.png 192w, https:\/\/www.cidasc.sc.gov.br\/defesasanitariavegetal\/files\/2012\/08\/logo-agroconect-fundo-100x42.png 100w\" sizes=\"auto, (max-width: 192px) 100vw, 192px\" \/><\/a><\/figure>\n\n\n\n<p>Para ajudar os agricultores a planejar suas atividades de campo, a Epagri criou um servi\u00e7o gratuito de informa\u00e7\u00f5es meteorol\u00f3gicas que auxilia no controle de pragas e doen\u00e7as nas lavouras. O sistema de monitoramento e difus\u00e3o de avisos e alertas agrometeorol\u00f3gicos em apoio \u00e0 agricultura familiar (<a href=\"http:\/\/www.ciram.sc.gov.br\/agroconnect\/\">Agroconnect<\/a>) disponibiliza, em um site, informa\u00e7\u00f5es como condi\u00e7\u00f5es atmosf\u00e9ricas, tend\u00eancias de tempo para os pr\u00f3ximos dias e condi\u00e7\u00f5es favor\u00e1veis a doen\u00e7as<\/p>\n\n\n\n<p><\/p>\n","protected":false},"excerpt":{"rendered":"<p>Departamento Estadual de Defesa Vegetal &#8211; DEDEV O sistema de Defesa sanit\u00e1ria vegetal constitui-se num trabalho estrat\u00e9gico e sistem\u00e1tico de monitoramento, vigil\u00e2ncia, inspe\u00e7\u00e3o e fiscaliza\u00e7\u00e3o da produ\u00e7\u00e3o e do com\u00e9rcio de plantas, partes de vegetais ou produtos de origem vegetal veiculadores de pragas, que possam colocar em risco o patrim\u00f4nio agr\u00edcola e a condi\u00e7\u00e3o s\u00f3cio-econ\u00f4mica[&#8230;] <a class=\"moretag\" href=\"https:\/\/www.cidasc.sc.gov.br\/defesasanitariavegetal\/\">Leia mais&#8230;<\/a><\/p>\n","protected":false},"author":1,"featured_media":0,"parent":0,"menu_order":0,"comment_status":"open","ping_status":"open","template":"","meta":{"footnotes":""},"class_list":["post-8","page","type-page","status-publish","hentry"],"_links":{"self":[{"href":"https:\/\/www.cidasc.sc.gov.br\/defesasanitariavegetal\/wp-json\/wp\/v2\/pages\/8","targetHints":{"allow":["GET"]}}],"collection":[{"href":"https:\/\/www.cidasc.sc.gov.br\/defesasanitariavegetal\/wp-json\/wp\/v2\/pages"}],"about":[{"href":"https:\/\/www.cidasc.sc.gov.br\/defesasanitariavegetal\/wp-json\/wp\/v2\/types\/page"}],"author":[{"embeddable":true,"href":"https:\/\/www.cidasc.sc.gov.br\/defesasanitariavegetal\/wp-json\/wp\/v2\/users\/1"}],"replies":[{"embeddable":true,"href":"https:\/\/www.cidasc.sc.gov.br\/defesasanitariavegetal\/wp-json\/wp\/v2\/comments?post=8"}],"version-history":[{"count":98,"href":"https:\/\/www.cidasc.sc.gov.br\/defesasanitariavegetal\/wp-json\/wp\/v2\/pages\/8\/revisions"}],"predecessor-version":[{"id":2332,"href":"https:\/\/www.cidasc.sc.gov.br\/defesasanitariavegetal\/wp-json\/wp\/v2\/pages\/8\/revisions\/2332"}],"wp:attachment":[{"href":"https:\/\/www.cidasc.sc.gov.br\/defesasanitariavegetal\/wp-json\/wp\/v2\/media?parent=8"}],"curies":[{"name":"wp","href":"https:\/\/api.w.org\/{rel}","templated":true}]}}