{"id":28,"date":"2012-08-22T19:48:02","date_gmt":"2012-08-22T19:48:02","guid":{"rendered":"http:\/\/ESTRUTURA%20ESTADUALGerente%20Estadual%20\u2013%20Eng.%20Agr\u00f4nomo%20Aar\u00e3o%20Luiz%20Schmitz%20J\u00fanior;Coordenador%20T\u00e9cnico%20\u2013%20Eng.%20Agr\u00f4nomo%20Osmar%20Volpato;Coordenadora%20Administrativa%20e%20Financeira%20\u2013%20Angela%20Specialski"},"modified":"2024-01-03T13:05:29","modified_gmt":"2024-01-03T13:05:29","slug":"estrutura","status":"publish","type":"page","link":"https:\/\/www.cidasc.sc.gov.br\/defesasanitariavegetal\/estrutura\/","title":{"rendered":"Estrutura"},"content":{"rendered":"<p><strong>DEPARTAMENTO\u00a0ESTADUAL DE DEFESA SANIT\u00c1RIA VEGETAL &#8211; DEDEV<\/strong><\/p>\n<ul>\n<li>Gestor do Departamento Estadual de Defesa Sanit\u00e1ria Vegetal\u2013 Eng. Agr\u00f4nomo Alexandre Mees<\/li>\n<li>Gestora da Divis\u00e3o de Defesa Sanit\u00e1ria Vegetal \u2013 Eng\u00aa Agr\u00f4noma Fabiana Alexandre<\/li>\n<li>Gestor da Divis\u00e3o de Fiscaliza\u00e7\u00e3o de Insumos Agr\u00edcolas \u2013 Eng. Agr\u00f4nomo Geovani Pedro de Souza<\/li>\n<li>Respons\u00e1vel pelo Cadastro de Agrot\u00f3xicos: Eng\u00ba Agr\u00ba Rosangela Bassi Astromecas<\/li>\n<\/ul>\n<p><strong>Departamento Regional de Blumenau<br \/>\n<\/strong><\/p>\n<ul>\n<li>Respons\u00e1vel pela \u00c1rea de Agricultura \u2013 J\u00falio Vilperte<\/li>\n<\/ul>\n<p><strong>Departamento Regional de Ca\u00e7ador<\/strong><\/p>\n<ul>\n<li>\u00a0Respons\u00e1vel pela \u00c1rea de Agricultura \u2013 S\u00e9rgio Omar de Oliveira<\/li>\n<\/ul>\n<p><strong>Departamento Regional de Campos Novos<\/strong><\/p>\n<ul>\n<li>Respons\u00e1vel pela \u00c1rea de Agricultura \u2013 S\u00e9rgio Omar de Oliveira (DR Ca\u00e7ador)<\/li>\n<\/ul>\n<p><strong>Departamento Regional de Canoinhas<\/strong><\/p>\n<ul>\n<li>Respons\u00e1vel pela \u00c1rea de Agricultura \u2013 Maritza Martins Mansani<\/li>\n<\/ul>\n<p><strong>Departamento Regional de Chapec\u00f3<\/strong><\/p>\n<ul>\n<li>Respons\u00e1vel pela \u00c1rea de Agricultura \u2013 Jader Alfredo Deobald<\/li>\n<\/ul>\n<p><strong>Departamento Regional de Conc\u00f3rdia<\/strong><\/p>\n<ul>\n<li>Respons\u00e1vel pela \u00c1rea de Agricultura \u2013 Daniel Volnei Nogueira Canabarro<\/li>\n<\/ul>\n<p><strong>Departamento Regional de Crici\u00fama<\/strong><\/p>\n<ul>\n<li>Respons\u00e1vel pela \u00c1rea de Agricultura \u2013 Clovis Adriano Teixeira Paes<\/li>\n<\/ul>\n<p><strong>Departamento Regional de Itaja\u00ed<\/strong><\/p>\n<ul>\n<li>Respons\u00e1vel pela \u00c1rea de Agricultura \u2013 Fabiana Alexandre<\/li>\n<\/ul>\n<p><strong>Departamento Regional de Joa\u00e7aba<\/strong><\/p>\n<ul>\n<li>Respons\u00e1vel pela \u00c1rea de Agricultura \u2013 Daniel Volnei Nogueira Canabarro (DR Conc\u00f3rdia)<\/li>\n<\/ul>\n<p><strong>Departamento Regional de Joinville<\/strong><\/p>\n<ul>\n<li>Respons\u00e1vel pela \u00c1rea de Agricultura \u2013 Marcelo Jakoby<\/li>\n<\/ul>\n<p><strong>Departamento Regional de Lages<\/strong><\/p>\n<ul>\n<li>Respons\u00e1vel pela \u00c1rea de Agricultura \u2013 Roberta Duarte Avila Vieira<\/li>\n<\/ul>\n<p><strong>Departamento Regional de Mafra<\/strong><\/p>\n<ul>\n<li>Respons\u00e1vel pela \u00c1rea de Agricultura \u2013 Gabriel Claudino Schulli<\/li>\n<\/ul>\n<p><strong>Departamento Regional de Rio do Sul<\/strong><\/p>\n<ul>\n<li>Respons\u00e1vel pela \u00c1rea de Agricultura \u2013 Adonyran Carlos Livramento<\/li>\n<\/ul>\n<p><strong>Departamento Regional de S\u00e3o Joaquim<\/strong><\/p>\n<ul>\n<li>Respons\u00e1vel pela \u00c1rea de Agricultura \u2013 Roberta Duarte Avila Vieira (DR Lages)<\/li>\n<\/ul>\n<p><strong>Departamento Regional de S\u00e3o Louren\u00e7o do Oeste<\/strong><\/p>\n<ul>\n<li>Respons\u00e1vel pela \u00c1rea de Agricultura \u2013 Jader Alfredo Deobald (DR Chapec\u00f3)<\/li>\n<\/ul>\n<p><strong>Departamento Regional de S\u00e3o Miguel do Oeste<\/strong><\/p>\n<ul>\n<li>Respons\u00e1vel pela \u00c1rea de Agricultura \u2013 Fabio Cristiano Trevizol<\/li>\n<\/ul>\n<p><strong>Departamento Regional de Tubar\u00e3o<\/strong><\/p>\n<ul>\n<li>Respons\u00e1vel pela \u00c1rea de Agricultura \u2013 Matheus Mazon Fraga<\/li>\n<\/ul>\n<p><strong>Departamento Regional de Videira<\/strong><\/p>\n<ul>\n<li>Respons\u00e1vel pela \u00c1rea de Agricultura \u2013 Cassiano Augusto Ara\u00fajo<\/li>\n<\/ul>\n<p><strong>Departamento Regional de Xanxer\u00ea<\/strong><\/p>\n<ul>\n<li>Respons\u00e1vel pela \u00c1rea de Agricultura \u2013 Volmir Frandoloso<\/li>\n<\/ul>\n","protected":false},"excerpt":{"rendered":"<p>DEPARTAMENTO\u00a0ESTADUAL DE DEFESA SANIT\u00c1RIA VEGETAL &#8211; DEDEV Gestor do Departamento Estadual de Defesa Sanit\u00e1ria Vegetal\u2013 Eng. Agr\u00f4nomo Alexandre Mees Gestora da Divis\u00e3o de Defesa Sanit\u00e1ria Vegetal \u2013 Eng\u00aa Agr\u00f4noma Fabiana Alexandre Gestor da Divis\u00e3o de Fiscaliza\u00e7\u00e3o de Insumos Agr\u00edcolas \u2013 Eng. Agr\u00f4nomo Geovani Pedro de Souza Respons\u00e1vel pelo Cadastro de Agrot\u00f3xicos: Eng\u00ba Agr\u00ba Rosangela Bassi[&#8230;] <a class=\"moretag\" href=\"https:\/\/www.cidasc.sc.gov.br\/defesasanitariavegetal\/estrutura\/\">Leia mais&#8230;<\/a><\/p>\n","protected":false},"author":1,"featured_media":0,"parent":0,"menu_order":0,"comment_status":"open","ping_status":"open","template":"","meta":{"footnotes":""},"class_list":["post-28","page","type-page","status-publish","hentry"],"_links":{"self":[{"href":"https:\/\/www.cidasc.sc.gov.br\/defesasanitariavegetal\/wp-json\/wp\/v2\/pages\/28","targetHints":{"allow":["GET"]}}],"collection":[{"href":"https:\/\/www.cidasc.sc.gov.br\/defesasanitariavegetal\/wp-json\/wp\/v2\/pages"}],"about":[{"href":"https:\/\/www.cidasc.sc.gov.br\/defesasanitariavegetal\/wp-json\/wp\/v2\/types\/page"}],"author":[{"embeddable":true,"href":"https:\/\/www.cidasc.sc.gov.br\/defesasanitariavegetal\/wp-json\/wp\/v2\/users\/1"}],"replies":[{"embeddable":true,"href":"https:\/\/www.cidasc.sc.gov.br\/defesasanitariavegetal\/wp-json\/wp\/v2\/comments?post=28"}],"version-history":[{"count":19,"href":"https:\/\/www.cidasc.sc.gov.br\/defesasanitariavegetal\/wp-json\/wp\/v2\/pages\/28\/revisions"}],"predecessor-version":[{"id":2232,"href":"https:\/\/www.cidasc.sc.gov.br\/defesasanitariavegetal\/wp-json\/wp\/v2\/pages\/28\/revisions\/2232"}],"wp:attachment":[{"href":"https:\/\/www.cidasc.sc.gov.br\/defesasanitariavegetal\/wp-json\/wp\/v2\/media?parent=28"}],"curies":[{"name":"wp","href":"https:\/\/api.w.org\/{rel}","templated":true}]}}