{"id":1830,"date":"2022-10-10T11:48:19","date_gmt":"2022-10-10T11:48:19","guid":{"rendered":"http:\/\/www.cidasc.sc.gov.br\/defesasanitariavegetal\/?page_id=1830"},"modified":"2026-03-25T14:10:05","modified_gmt":"2026-03-25T14:10:05","slug":"citros","status":"publish","type":"page","link":"https:\/\/www.cidasc.sc.gov.br\/defesasanitariavegetal\/citros\/","title":{"rendered":"Programa Estadual de Sanidade da Citricultura"},"content":{"rendered":"\n<p>Programa estadual que visa o desenvolvimento das a\u00e7\u00f5es relacionadas \u00e0s pragas regulamentadas para a produ\u00e7\u00e3o de citros em SC.<br>O programa \u00e9 executado no \u00e2mbito da Divis\u00e3o de Defesa Sanit\u00e1ria Vegetal &#8211; DIDEV da CIDASC.<\/p>\n\n\n\n<p>Coordenador: Solano Andreis<br>Contato: <a rel=\"noreferrer noopener\" href=\"mailto:citros@cidasc.sc.gov.br\" target=\"_blank\">citros@cidasc.sc.gov.br<\/a><\/p>\n\n\n\n<p><\/p>\n\n\n\n<hr class=\"wp-block-separator has-alpha-channel-opacity\" \/>\n\n\n\n<h1 class=\"wp-block-heading has-white-color has-text-color has-background has-link-color wp-elements-aa5e919ce505383ef7e1222abc146e25\" style=\"background-color:#0b7a1dd6\">Pragas regulamentadas<\/h1>\n\n\n\n<h2 class=\"wp-block-heading has-white-color has-text-color has-background has-link-color wp-elements-1b52ebbf13f2cc6ded946e4243f0ee07\" style=\"background-color:#0b7a1dd6\">Huanglongbing &#8211; HLB, <em>Candidatus <\/em>Liberibacter&nbsp;spp. (Greening)<\/h2>\n\n\n\n<p>\u00c9 uma doen\u00e7a causada pela bact\u00e9ria <em>Candidatus Liberibacter<\/em> spp e \u00e9 considerada praga quarenten\u00e1ria presente no Brasil. \u00c9 transmitida de plantas contaminadas para plantas sadias atrav\u00e9s do processo de alimenta\u00e7\u00e3o do psil\u00eddeo <em>Diaphorina citri<\/em>, inseto de 2 a 3mm. <\/p>\n\n\n\n<p>Os sintomas iniciais s\u00e3o a presen\u00e7a de um ou mais ramos amarelados, folhas novas amareladas e folhas adultas mosqueadas (manchas amareladas irregulares no limbo foliar, sem simetria). As folhas afetadas tendem a cair e surgem novas brota\u00e7\u00f5es na posi\u00e7\u00e3o vertical (orelha de coelho). A nervura da folha pode ficar engrossada.<\/p>\n\n\n\n<p>Os frutos geralmente ficam deformados, pequenos, assim\u00e9tricos em rela\u00e7\u00e3o a columela central. N\u00e3o amadurecem normalmente e adquirem uma colora\u00e7\u00e3o verde clara manchada, caindo precocemente. Quando o fruto \u00e9 partido verifica-se a presen\u00e7a de filetes alaranjados na columela partindo da inser\u00e7\u00e3o do ped\u00fanculo. O albedo (parte branca da casca) fica com espessura maior e o suco tem sabor mais \u00e1cido, menos doce e mais amargo que a de um fruto sadio, comprometendo a comercializa\u00e7\u00e3o do fruto para suco.<\/p>\n\n\n\n<p>H\u00e1 registros da doen\u00e7a no Brasil desde 2004 e foi identificada pela primeira vez em Santa Catarina no ano de 2022 em pomares da regi\u00e3o oeste do estado.<\/p>\n\n\n\n<p>\u00c9 a principal praga da citricultura mundial, n\u00e3o tem cura e ataca todos os tipos de citros comerciais.<\/p>\n\n\n\n<p><\/p>\n\n\n\n<h3 class=\"wp-block-heading has-white-color has-text-color has-background has-link-color wp-elements-c39b714b1fce4a074c1485ce9388ddc8\" style=\"background-color:#0b7a1ea6\">Ocorr\u00eancia em SC<\/h3>\n\n\n\n<p>A primeira ocorr\u00eancia foi verificada no ano de 2022 atrav\u00e9s de levantamento fitossanit\u00e1rio executado pela CIDASC. Novos levantamentos foram realizados revelando novas ocorr\u00eancias. <\/p>\n\n\n\n<p>Tabela 1 &#8211; Data da primeiro resultado positivo para HLB em plantas em cada munic\u00edpio positivo.<\/p>\n\n\n\n<figure class=\"wp-block-table is-style-stripes\"><table class=\"has-fixed-layout\"><tbody><tr><td>Munic\u00edpio<\/td><td>Mesorregi\u00e3o<\/td><td>Data do Resultado<\/td><\/tr><tr><td>Xanxer\u00ea<\/td><td>Oeste<\/td><td>Junho de 2022<\/td><\/tr><tr><td>Abelardo Luz<\/td><td>Oeste<\/td><td>Agosto de 2022<\/td><\/tr><tr><td>S\u00e3o Louren\u00e7o do Oeste<\/td><td>Oeste<\/td><td>Agosto de 2022<\/td><\/tr><tr><td>Guaraciaba<\/td><td>Oeste<\/td><td>Dezembro de 2022<\/td><\/tr><tr><td>S\u00e3o Jos\u00e9 do Cedro<\/td><td>Oeste<\/td><td>Maio de 2023<\/td><\/tr><tr><td>Ipua\u00e7u<\/td><td>Oeste<\/td><td>Janeiro de 2024<\/td><\/tr><tr><td>S\u00e3o Miguel do Oeste<\/td><td>Oeste<\/td><td>Outubro de 2024<\/td><\/tr><\/tbody><\/table><\/figure>\n\n\n\n<p style=\"font-size:10px\"><\/p>\n\n\n\n<figure class=\"wp-block-image size-full\"><a href=\"https:\/\/www.cidasc.sc.gov.br\/defesasanitariavegetal\/files\/2025\/12\/HLB-12_12_2025.png\"><img loading=\"lazy\" decoding=\"async\" width=\"733\" height=\"514\" src=\"https:\/\/www.cidasc.sc.gov.br\/defesasanitariavegetal\/files\/2025\/12\/HLB-12_12_2025.png\" alt=\"\" class=\"wp-image-2676\" srcset=\"https:\/\/www.cidasc.sc.gov.br\/defesasanitariavegetal\/files\/2025\/12\/HLB-12_12_2025.png 733w, https:\/\/www.cidasc.sc.gov.br\/defesasanitariavegetal\/files\/2025\/12\/HLB-12_12_2025-300x210.png 300w, https:\/\/www.cidasc.sc.gov.br\/defesasanitariavegetal\/files\/2025\/12\/HLB-12_12_2025-250x175.png 250w, https:\/\/www.cidasc.sc.gov.br\/defesasanitariavegetal\/files\/2025\/12\/HLB-12_12_2025-222x156.png 222w, https:\/\/www.cidasc.sc.gov.br\/defesasanitariavegetal\/files\/2025\/12\/HLB-12_12_2025-100x70.png 100w\" sizes=\"auto, (max-width: 733px) 100vw, 733px\" \/><\/a><\/figure>\n\n\n\n<p>*Munic\u00edpios sob investiga\u00e7\u00e3o: Guaruj\u00e1 do Sul, Descanso, S\u00e3o Domingos, Chapec\u00f3, Jupi\u00e1, Coronel Martins, Guatambu e Galv\u00e3o.<\/p>\n\n\n\n<p>Os munic\u00edpios com ocorr\u00eancia ou localizados ao lado de munic\u00edpio com ocorr\u00eancia est\u00e3o listados abaixo. <strong>Os produtores de citros pertencentes a esses munic\u00edpios dever\u00e3o realizar as medidas de preven\u00e7\u00e3o e controle previstas na Portaria MAPA 1.326\/2025<\/strong>.<\/p>\n\n\n\n<p><\/p>\n\n\n\n<p>O cadastro dos produtores comerciais de citros deve ser realizado atrav\u00e9s de cadastro e-Origem, na plataforma Sigen+, e \u00e9 obrigat\u00f3ria para todos os produtores do estado.<\/p>\n\n\n\n<div class=\"wp-block-buttons is-layout-flex wp-block-buttons-is-layout-flex\">\n<div class=\"wp-block-button\"><a class=\"wp-block-button__link has-text-color has-background has-link-color wp-element-button\" href=\"https:\/\/www.cidasc.sc.gov.br\/e-origem\/\" style=\"color:#487e9f;background-color:#abc2b4c7\">Orienta\u00e7\u00f5es para cadastro no e-Origem<\/a><\/div>\n<\/div>\n\n\n\n<figure class=\"wp-block-table is-style-stripes\"><table class=\"has-fixed-layout\"><tbody><tr><td>N\u00ba<\/td><td>Munic\u00edpio<\/td><td>Situa\u00e7\u00e3o<\/td><\/tr><tr><td>1<\/td><td>Abelardo Luz<\/td><td>Positivo<\/td><\/tr><tr><td>2<\/td><td>Anchieta<\/td><td>Lim\u00edtrofe<\/td><\/tr><tr><td>3<\/td><td>Arvoredo<\/td><td>Lim\u00edtrofe<\/td><\/tr><tr><td>4<\/td><td>Bandeirantes<\/td><td>Lim\u00edtrofe<\/td><\/tr><tr><td>5<\/td><td>Barra Bonita<\/td><td>Lim\u00edtrofe<\/td><\/tr><tr><td>6<\/td><td>Bom Jesus<\/td><td>Lim\u00edtrofe<\/td><\/tr><tr><td>7<\/td><td>Campo Er\u00ea<\/td><td>Lim\u00edtrofe<\/td><\/tr><tr><td>8<\/td><td>Descanso<\/td><td>Lim\u00edtrofe<\/td><\/tr><tr><td>9<\/td><td>Entre Rios<\/td><td>Lim\u00edtrofe<\/td><\/tr><tr><td>10<\/td><td>Faxinal dos Guedes<\/td><td>Lim\u00edtrofe<\/td><\/tr><tr><td>11<\/td><td>Flor do Sert\u00e3o<\/td><td>Lim\u00edtrofe<\/td><\/tr><tr><td>12<\/td><td>Formosa do Sul<\/td><td>Lim\u00edtrofe<\/td><\/tr><tr><td>13<\/td><td>Guaraciaba<\/td><td>Positivo<\/td><\/tr><tr><td>14<\/td><td>Guaruj\u00e1 do Sul<\/td><td>Positivo<\/td><\/tr><tr><td>15<\/td><td>Ipua\u00e7u<\/td><td>Positivo<\/td><\/tr><tr><td>16<\/td><td>Irati<\/td><td>Lim\u00edtrofe<\/td><\/tr><tr><td>17<\/td><td>Jupi\u00e1<\/td><td>Lim\u00edtrofe<\/td><\/tr><tr><td>18<\/td><td>Lajeado Grande<\/td><td>Lim\u00edtrofe<\/td><\/tr><tr><td>19<\/td><td>Novo Horizonte<\/td><td>Lim\u00edtrofe<\/td><\/tr><tr><td>20<\/td><td>Ouro Verde<\/td><td>Lim\u00edtrofe<\/td><\/tr><tr><td>21<\/td><td>Palma Sola<\/td><td>Lim\u00edtrofe<\/td><\/tr><tr><td>22<\/td><td>Para\u00edso<\/td><td>Lim\u00edtrofe<\/td><\/tr><tr><td>23<\/td><td>Passos Maia<\/td><td>Lim\u00edtrofe<\/td><\/tr><tr><td>24<\/td><td>Princesa<\/td><td>Lim\u00edtrofe<\/td><\/tr><tr><td>25<\/td><td>Romel\u00e2ndia<\/td><td>Lim\u00edtrofe<\/td><\/tr><tr><td>26<\/td><td>Saltinho<\/td><td>Lim\u00edtrofe<\/td><\/tr><tr><td>27<\/td><td>S\u00e3o Bernardino<\/td><td>Lim\u00edtrofe<\/td><\/tr><tr><td>28<\/td><td>S\u00e3o Domingos<\/td><td>Lim\u00edtrofe<\/td><\/tr><tr><td>29<\/td><td>S\u00e3o Jos\u00e9 do Cedro<\/td><td>Positivo<\/td><\/tr><tr><td>30<\/td><td>S\u00e3o Louren\u00e7o do Oeste<\/td><td>Positivo<\/td><\/tr><tr><td>31<\/td><td>S\u00e3o Miguel do Oeste<\/td><td>Positivo<\/td><\/tr><tr><td>32<\/td><td>Varge\u00e3o<\/td><td>Lim\u00edtrofe<\/td><\/tr><tr><td>33<\/td><td>Xanxer\u00ea<\/td><td>Lim\u00edtrofe<\/td><\/tr><tr><td>34<\/td><td>Xavantina<\/td><td>Positivo<\/td><\/tr><tr><td>35<\/td><td>Xaxim<\/td><td>Lim\u00edtrofe<\/td><\/tr><\/tbody><\/table><\/figure>\n\n\n\n<p><\/p>\n\n\n\n<p>Acesse o formul\u00e1rio e envie semestralmente (at\u00e9 15 de janeiro e at\u00e9 15 de julho) as informa\u00e7\u00f5es sobre as vistorias realizadas no pomar (para pomares localizados em munic\u00edpios positivos ou lim\u00edtrofes)<\/p>\n\n\n\n<div class=\"wp-block-buttons is-horizontal is-content-justification-left is-layout-flex wp-container-core-buttons-is-layout-7e5fce0a wp-block-buttons-is-layout-flex\">\n<div class=\"wp-block-button\"><a class=\"wp-block-button__link has-text-color has-background has-link-color wp-element-button\" style=\"color:#487e9f;background-color:#abc2b4c7\">Vers\u00e3o F\u00edsica<\/a><\/div>\n\n\n\n<div class=\"wp-block-button\"><a class=\"wp-block-button__link has-text-color has-background has-link-color wp-element-button\" style=\"color:#487e9f;background-color:#abc2b4c7\">Vers\u00e3o Online<\/a><\/div>\n<\/div>\n\n\n\n<p><\/p>\n\n\n\n<h3 class=\"wp-block-heading has-white-color has-text-color has-background has-link-color wp-elements-49f627487763614dcd671afc0a7cabdf\" style=\"background-color:#0b7a1ea6\">Legisla\u00e7\u00e3o espec\u00edfica<\/h3>\n\n\n\n<p><a href=\"https:\/\/www.gov.br\/agricultura\/pt-br\/assuntos\/sanidade-animal-e-vegetal\/sanidade-vegetal\/arquivos-prevencao\/copy_of_PORTARIA_SDA_MAPA_NA___1.326__DE_4_DE_JULHO_DE_2025___PORTARIA_SDA_MAPA_NA___1.326__DE_4_DE_JULHO_DE_2025___.pdf\" target=\"_blank\" rel=\"noreferrer noopener\">Portaria n\u00ba 1.326, de 04 de julho de 2025<\/a>: Institui o Programa Nacional de Preven\u00e7\u00e3o e Controle \u00e0 doen\u00e7a<br>denominada Huanglongbing- PNCHLB e os crit\u00e9rios e procedimentos para classifica\u00e7\u00e3o e manuten\u00e7\u00e3o do status fitossanit\u00e1rio das Unidades Federativas e as medidas de preven\u00e7\u00e3o e controle da doen\u00e7a, no territ\u00f3rio nacional.<\/p>\n\n\n\n<p><a href=\"http:\/\/www.cidasc.sc.gov.br\/defesasanitariavegetal\/files\/2022\/10\/Nota_tecnica_DEDEV_03-2022_HLB.pdf\" target=\"_blank\" rel=\"noreferrer noopener\">Nota T\u00e9cnica DEDEV n\u00ba 03\/2022<\/a>, sobre a detec\u00e7\u00e3o de foco de Huanglongbing (HLB) ou Greening dos citros, causado pela bact\u00e9ria \u201cCandidatus <em>Liberibacter asiaticus<\/em>\u201d em Santa Catarina.<br><strong>ERRATA<\/strong>: Na NOTA T\u00c9CNICA DEDEV N\u00ba 03\/2022, onde<em> l\u00ea-se<\/em>:<br>&#8220;As inspe\u00e7\u00f5es tamb\u00e9m apontaram diagn\u00f3sticos positivos para \u201cCa. Liberibacter asiaticus\u201d nos munic\u00edpios catarinenses de Abelardo Luz e <strong>S\u00e3o Domingos<\/strong>.&#8221;<br><em><strong>Leia-se:<\/strong><\/em><br>&#8220;As inspe\u00e7\u00f5es tamb\u00e9m apontaram diagn\u00f3sticos positivos para \u201cCa. Liberibacter asiaticus\u201d nos munic\u00edpios catarinenses de Abelardo Luz e <strong>S\u00e3o Louren\u00e7o do Oeste<\/strong>&#8220;.<br><\/p>\n\n\n\n<h2 class=\"wp-block-heading has-white-color has-text-color has-background has-link-color wp-elements-6ef7f26c9121f4807d236c99ec4b6356\" style=\"background-color:#0b7a1dd6\">Cancro C\u00edtrico &#8211;&nbsp; <em>Xanthomonas citri subsp. citri<\/em><\/h2>\n\n\n\n<div class=\"wp-block-buttons is-layout-flex wp-block-buttons-is-layout-flex\"><\/div>\n\n\n\n<p>O cancro c\u00edtrico \u00e9 uma das doen\u00e7as mais graves da citricultura. \u00c9 causada pela bact\u00e9ria <em>Xanthomonas citri<\/em> subsp. <em>citri<\/em>, afetando todas as esp\u00e9cies e variedades de citros de import\u00e2ncia comercial, causando les\u00f5es locais em folhas, ramos e frutos.<\/p>\n\n\n\n<p>A bact\u00e9ria penetra no tecido atrav\u00e9s de aberturas naturais (est\u00f4matos) ou atrav\u00e9s de ferimentos provocados nas plantas.<\/p>\n\n\n\n<p>Os preju\u00edzos s\u00e3o a diminui\u00e7\u00e3o de produ\u00e7\u00e3o e da qualidade dos frutos.<\/p>\n\n\n\n<p>H\u00e1 registros da doen\u00e7a no Brasil desde 1957 e foi verificada pela primeira vez em Santa Catarina no ano de 1985.<\/p>\n\n\n\n<p>Santa Catarina adota as a\u00e7\u00f5es previstas para as \u00e1reas sob Sistema de Mitiga\u00e7\u00e3o de Risco &#8211; SMR.  <\/p>\n\n\n\n<p><\/p>\n\n\n\n<h3 class=\"wp-block-heading has-white-color has-text-color has-background has-link-color wp-elements-49f627487763614dcd671afc0a7cabdf\" style=\"background-color:#0b7a1ea6\">Legisla\u00e7\u00e3o espec\u00edfica<\/h3>\n\n\n\n<p><a href=\"https:\/\/www.gov.br\/agricultura\/pt-br\/assuntos\/sanidade-animal-e-vegetal\/sanidade-vegetal\/arquivos-prevencao\/INMAPAn21_25.4.2018_Cancroctrico_statusfitossanitrio.pdf\">Instru\u00e7\u00e3o Normativa n\u00ba 21, de 25 de abril de 2018<\/a>: institui em todo o territ\u00f3rio nacional os crit\u00e9rios e procedimentos para o estabelecimento e manuten\u00e7\u00e3o do status fitossanit\u00e1rio relativo ao Cancro C\u00edtrico.<\/p>\n\n\n\n<p>Resolu\u00e7\u00e3o n\u00ba 12, de 16 de maio de 2017: Reconhece o Estado de Santa Catarina como \u00c1rea sob Sistema de Mitiga\u00e7\u00e3o de Risco (SMR) para Cancro C\u00edtrico (Xanthomonas citri subsp.citri).<\/p>\n\n\n\n<p><\/p>\n\n\n\n<h2 class=\"wp-block-heading has-white-color has-text-color has-background has-link-color wp-elements-425a9d839974673b79999202104f483c\" style=\"background-color:#0b7a1dd6\">\u00c1caro Hindust\u00e2nico dos Citros &#8211;&nbsp; <em>Schizotetranychus hindustanicus<\/em><\/h2>\n\n\n\n<p>O \u00e1caro hindust\u00e2nico dos citros \u00e9 uma praga quarenten\u00e1ria presente no Brasil e ausente em Santa Catarina. Causa manchas esbranqui\u00e7adas sobre o fruto e parte a\u00e9rea da planta.<\/p>\n\n\n\n<p>A sua presen\u00e7a no Brasil est\u00e1 restrita ao estado de Roraima, sendo necess\u00e1ria a exig\u00eancia de PTV para tr\u00e2nsito de materiais provenientes daquele estado.<\/p>\n\n\n\n<h3 class=\"wp-block-heading has-white-color has-text-color has-background has-link-color wp-elements-49f627487763614dcd671afc0a7cabdf\" style=\"background-color:#0b7a1ea6\">Legisla\u00e7\u00e3o espec\u00edfica<\/h3>\n\n\n\n<p>Instru\u00e7\u00e3o Normativa n\u00ba 8, de 18 de abril de 2012: pro\u00edbe o tr\u00e2nsito de vegetais e suas partes hospedeiras do \u00e1caro hindust\u00e2nico de UF com a presen\u00e7a da praga.<\/p>\n\n\n\n<hr class=\"wp-block-separator has-alpha-channel-opacity\" \/>\n\n\n\n<h1 class=\"wp-block-heading has-white-color has-text-color has-background has-link-color wp-elements-a2f3977638bc9ca76e25b6bb9268d2b2\" style=\"background-color:#0b7a1dd6\">Mudas c\u00edtricas<\/h1>\n\n\n\n<p>Santa Catarina produz em torno de 2.000.000 de mudas c\u00edtricas por ano. Todo o material propagativo \u00e9 produzidas em ambiente protegido desde 2013, por determina\u00e7\u00e3o da Portaria SAR n\u00ba 22 de 23 de novembro de 2010, procurando melhorar a qualidade fitossanit\u00e1ria e competitividade das mudas produzidas no estado. Desta forma, mesmo antes da identifica\u00e7\u00e3o do HLB no estado, o material de propaga\u00e7\u00e3o j\u00e1 estava sendo cultivado dentro de viveiros telados.<\/p>\n\n\n\n<p>Para ingresso de mudas c\u00edtricas produzidas fora do estado de Santa Catarina \u00e9 necess\u00e1rio solicitar autoriza\u00e7\u00e3o para ingresso e estar acompanhada de PTV.<\/p>\n\n\n\n<div class=\"wp-block-buttons is-layout-flex wp-block-buttons-is-layout-flex\">\n<div class=\"wp-block-button\"><a class=\"wp-block-button__link has-text-color has-background has-link-color wp-element-button\" href=\"https:\/\/conecta.cidasc.sc.gov.br\/app\/private\/forms\/fill\/v2\/b41ffd30-fdea-412e-8593-d3c26051fda7\" style=\"color:#487e9f;background-color:#abc2b4c7\">Solicitar Autoriza\u00e7\u00e3o<\/a><\/div>\n<\/div>\n\n\n\n<h3 class=\"wp-block-heading has-white-color has-text-color has-background has-link-color wp-elements-49f627487763614dcd671afc0a7cabdf\" style=\"background-color:#0b7a1ea6\">Legisla\u00e7\u00e3o espec\u00edfica<\/h3>\n\n\n\n<p>Portaria SAR n\u00ba 22 de 23 de novembro de 2010: define normas para a produ\u00e7\u00e3o de mudas e manuten\u00e7\u00e3o de plantas b\u00e1sicas, planta matriz, jardim clonal e borbulheira de <em>Citrus <\/em>spp.<\/p>\n\n\n\n<p><a href=\"https:\/\/www.gov.br\/agricultura\/pt-br\/assuntos\/sanidade-animal-e-vegetal\/sanidade-vegetal\/arquivos-prevencao\/INMAPAn21_25.4.2018_Cancroctrico_statusfitossanitrio.pdf\">Instru\u00e7\u00e3o Normativa n\u00ba 21, de 25 de abril de 2018<\/a>: institui em todo o territ\u00f3rio nacional os crit\u00e9rios e procedimentos para o estabelecimento e manuten\u00e7\u00e3o do status fitossanit\u00e1rio relativo ao Cancro C\u00edtrico.<\/p>\n\n\n\n<p><a href=\"https:\/\/www.gov.br\/agricultura\/pt-br\/assuntos\/sanidade-animal-e-vegetal\/sanidade-vegetal\/arquivos-prevencao\/copy_of_PORTARIA_SDA_MAPA_NA___1.326__DE_4_DE_JULHO_DE_2025___PORTARIA_SDA_MAPA_NA___1.326__DE_4_DE_JULHO_DE_2025___.pdf\" target=\"_blank\" rel=\"noreferrer noopener\">Portaria n\u00ba 1.326, de 04 de julho de 2025<\/a>: Institui o Programa Nacional de Preven\u00e7\u00e3o e Controle \u00e0 doen\u00e7a<br>denominada Huanglongbing- PNCHLB e os crit\u00e9rios e procedimentos para classifica\u00e7\u00e3o e manuten\u00e7\u00e3o do status fitossanit\u00e1rio das Unidades Federativas e as medidas de preven\u00e7\u00e3o e controle da doen\u00e7a, no territ\u00f3rio nacional.<\/p>\n\n\n\n<p><\/p>\n","protected":false},"excerpt":{"rendered":"<p>Programa estadual que visa o desenvolvimento das a\u00e7\u00f5es relacionadas \u00e0s pragas regulamentadas para a produ\u00e7\u00e3o de citros em SC.O programa \u00e9 executado no \u00e2mbito da Divis\u00e3o de Defesa Sanit\u00e1ria Vegetal &#8211; DIDEV da CIDASC. Coordenador: Solano AndreisContato: citros@cidasc.sc.gov.br Pragas regulamentadas Huanglongbing &#8211; HLB, Candidatus Liberibacter&nbsp;spp. (Greening) \u00c9 uma doen\u00e7a causada pela bact\u00e9ria Candidatus Liberibacter spp[&#8230;] <a class=\"moretag\" href=\"https:\/\/www.cidasc.sc.gov.br\/defesasanitariavegetal\/citros\/\">Leia mais&#8230;<\/a><\/p>\n","protected":false},"author":36,"featured_media":0,"parent":0,"menu_order":0,"comment_status":"closed","ping_status":"closed","template":"","meta":{"footnotes":""},"class_list":["post-1830","page","type-page","status-publish","hentry"],"_links":{"self":[{"href":"https:\/\/www.cidasc.sc.gov.br\/defesasanitariavegetal\/wp-json\/wp\/v2\/pages\/1830","targetHints":{"allow":["GET"]}}],"collection":[{"href":"https:\/\/www.cidasc.sc.gov.br\/defesasanitariavegetal\/wp-json\/wp\/v2\/pages"}],"about":[{"href":"https:\/\/www.cidasc.sc.gov.br\/defesasanitariavegetal\/wp-json\/wp\/v2\/types\/page"}],"author":[{"embeddable":true,"href":"https:\/\/www.cidasc.sc.gov.br\/defesasanitariavegetal\/wp-json\/wp\/v2\/users\/36"}],"replies":[{"embeddable":true,"href":"https:\/\/www.cidasc.sc.gov.br\/defesasanitariavegetal\/wp-json\/wp\/v2\/comments?post=1830"}],"version-history":[{"count":33,"href":"https:\/\/www.cidasc.sc.gov.br\/defesasanitariavegetal\/wp-json\/wp\/v2\/pages\/1830\/revisions"}],"predecessor-version":[{"id":2681,"href":"https:\/\/www.cidasc.sc.gov.br\/defesasanitariavegetal\/wp-json\/wp\/v2\/pages\/1830\/revisions\/2681"}],"wp:attachment":[{"href":"https:\/\/www.cidasc.sc.gov.br\/defesasanitariavegetal\/wp-json\/wp\/v2\/media?parent=1830"}],"curies":[{"name":"wp","href":"https:\/\/api.w.org\/{rel}","templated":true}]}}